{"version":"1.0","provider_name":"N\u0151knek kertr\u0151l.","provider_url":"https:\/\/kertember.cafeblog.hu","author_name":"Kertember","author_url":"https:\/\/kertember.cafeblog.hu\/author\/Kertember-2-2\/","title":"Hunyor-Helleborus","html":"<P align=center>&nbsp;A hunyor m\u00e1s n\u00e9ven Kar\u00e1csonyi r\u00f3zsa, vagy Kriszt<IMG class=blogkep style=\"WIDTH: 190px; HEIGHT: 180px\" height=216 src=\"https:\/\/kertember.cafeblog.hu\/files\/hunyor4int.jpg\" width=190 align=right>usgy\u00f6k\u00e9r. <\/P>\r\n<P>Botanikai neve feltehet\u0151en m\u00e9rges volt\u00e1ra utal. A g\u00f6r\u00f6gb\u0151l sz\u00e1rmaz\u00f3 elnevez\u00e9s szerint hellein=\u00f6lni, bora=\u00e9tel. A gy\u0171sz\u0171vir\u00e1ghoz hasonl\u00f3 glikozidokat tartalmaz, amit <\/P>\r\n<P>&nbsp;<\/P>\r\n<P>sz\u00edvgy\u00f3gy\u00e1szatban haszn\u00e1lnak.<\/P>\r\n<P>A kereszt\u00e9ny mondavil\u00e1g szerint annak az ist\u00e1ll\u00f3nak a k\u00f6zel\u00e9ben figyeltek fel az emberek el\u0151sz\u00f6r erre a vir\u00e1gra, ahol Krisztus sz\u00fcletett. A 16. sz\u00e1zadt\u00f3l, f\u0151leg n\u00e9met nyelvter\u00fcleten m\u00e1ig tart\u00f3 hagyom\u00e1ny, hogy szentest\u00e9n egy cser\u00e9p kar\u00e1csonyi r\u00f3zsa feh\u00e9r vir\u00e1gaival d\u00edszitik az \u00fcnnepi asztalt.<\/P>\r\n<P><IMG class=blogkep style=\"WIDTH: 116px; HEIGHT: 205px\" height=243 src=\"https:\/\/kertember.cafeblog.hu\/files\/hunyor1int.jpg\" width=116 align=left><\/P>\r\n<P>&nbsp;Kar\u00e1csonyi r\u00f3zs\u00e1nak is nevezt\u00e9k, mert a fekete hunyor (Helleborus niger) m\u00e1r nagyon kor\u00e1n vir\u00e1gzik, olykor m\u00e1r kar\u00e1csony idej\u00e9n, s a szerelmes emberek ezzel kedveskedtek egym\u00e1snak a szent \u00fcnnep idej\u00e9n.<\/P>\r\n<P>M\u00e1r az \u00f3korban is j\u00f3l ismert\u00e9k, de mint m\u00e9rges n\u00f6v\u00e9nyt. A gallok p\u00e9ld\u00e1ul vad\u00e1szaton ennek lev\u00e9be m\u00e1rtott\u00e1k nyilaikat, s azt \u00e1ll\u00edtott\u00e1k, hogy az \u00edgy elejtett \u00e1llat h\u00fasa sokkal finomabb. A g\u00f6r\u00f6g\u00f6k orvoss\u00e1gk\u00e9nt haszn\u00e1lt\u00e1k. Olyan er\u0151s volt a hat\u00f3anyaga, hogy csak feln\u0151tt f\u00e9rfiakat gy\u00f3gy\u00edtottak vele. Sok m\u00e1s gy\u00f3gyhat\u00e1sa mellett a d\u00fch\u00f6ng\u00e9st is gy\u00f3gy\u00edtotta.<IMG class=blogkep src=\"https:\/\/kertember.cafeblog.hu\/files\/hunyorfehOor.jpg\" align=right><\/P>\r\n<P>&nbsp;Valamennyi faj gy\u00f6kt\u00f6rzses \u00e9vel\u0151. A helleborus nemzetts\u00e9ghez 22 faj tartozik. K\u00f6z\u00fcl\u00fck a fontosabbak felsorolva:<\/P>\r\n<P>Helleborus niger-Fekete hunyor<\/P>\r\n<P>Helleborus x sternii-R\u00f3zs\u00e1s hunyor<IMG class=blogkep src=\"https:\/\/kertember.cafeblog.hu\/files\/hunyorfekete.jpg\" align=right><\/P>\r\n<P>Helleborus torquatus-D\u00edszes hunyor<\/P>\r\n<P>Helleborus multifidus-Szabdaltlevel\u0171 hunyor<\/P>\r\n<P>Helleborus argutifolius-Korzikai hunyor<\/P>\r\n<P>Helleborus viridis-Z\u00f6ld hunyor<IMG class=blogkep src=\"https:\/\/kertember.cafeblog.hu\/files\/hunyorrOuzsa.jpg\" align=right><\/P>\r\n<P>Helleborus foetidus-B\u00fcd\u00f6s hunyor<\/P>\r\n<P>Helleborus dometorum-Kisvir\u00e1g\u00fa hunyor<\/P>\r\n<P>Helleborus odorus-Illatos hunyor<\/P>\r\n<P>Helleborus lividus-Mallorcai hunyor<\/P>\r\n<P>Helleborus purpurescens-Pirosl\u00f3 hunyor<\/P>\r\n<P><IMG class=blogkep height=108 src=\"https:\/\/kertember.cafeblog.hu\/files\/hunyorrOuzsa1.jpg\" width=114 align=left><\/P>\r\n<P>&nbsp;<U>Elterjed\u00e9si ter\u00fclete:<\/U> Fellelhet\u0151s\u00e9g\u00e9nek k\u00f6zpontja a mediterr\u00e1n t\u00e9rs\u00e9g, de el\u0151fordulnak m\u00e9g Kis-\u00c1zsi\u00e1ban \u00e9s a Kauk\u00e1zusban is. Termeszt\u0151ter\u00fclete nagyon kiterjedt, sz\u00edngazdags\u00e1ga \u00e9s korai vir\u00e1gz\u00e1sa miatt nagyon kedvelt. Haz\u00e1nkban is termesztik, de jelent\u0151s\u00e9ge nem olyan nagy, mint m\u00e1s eur\u00f3pai kult\u00far\u00e1kban.<\/P>\r\n<P><U>Talajig\u00e9nye:<\/U> \u00c1ltal\u00e1noss\u00e1gban elmondhat\u00f3, hogy nedves, morzsal\u00e9kos, j\u00f3 leveg\u0151 gazd\u00e1lkod\u00e1s\u00fa, meszes, m\u00e9lyr\u00e9teg\u0171, j\u00f3 v\u00edz\u00e1tereszt\u0151 k\u00e9pess\u00e9g\u0171 talajokat kedvel. Talajig\u00e9nye fajt\u00e1nk\u00e9nt n\u00e9mileg elt\u00e9rhet.<IMG class=blogkep style=\"WIDTH: 191px; HEIGHT: 223px\" height=667 src=\"https:\/\/kertember.cafeblog.hu\/files\/hunyorrOuzsa2.jpg\" width=265 align=right><\/P>\r\n<P>F\u00e9nyig\u00e9nye: Kora tavasszal vir\u00e1gzik, bokrok, f\u00e1k alatt \u00e9rzi j\u00f3l mag\u00e1t, ez\u00e9rt f\u00e9l\u00e1rny\u00e9kos helyet biztos\u00edtsunk neki.<\/P>\r\n<P>Telep\u00edt\u00e9s\u00fckre legjobb a ny\u00e1r v\u00e9ge; augusztus-szeptember. Term\u00e9szetben is ilyenkor \u00e9rnek be magjaik. Er\u0151s \u00e9s h\u00fasos viszonylag hossz\u00fa gy\u00f6kere miatt legal\u00e1bb k\u00e9t \u00e1s\u00f3nyom m\u00e9lys\u00e9gben kell meglaz\u00edtani a talajt. Az \u00fcltet\u0151 g\u00f6d\u00f6rbe sz\u00f3rjunk komposzttal kevert laza f\u00f6ldkever\u00e9ket \u00e9s m\u00e9sztartalm\u00fa m\u0171tr\u00e1gy\u00e1t. T\u0151oszt\u00e1ssal a m\u00e1sodik \u00e9vt\u0151l vir\u00e1gozhat, magvet\u00e9ssel viszont csak n\u00e9gy \u00e9v m\u00falva vir\u00e1gzik. Vir\u00e1got csak akkor fejleszt, ha j\u00f3l \u00e9rzi mag\u00e1t. A szapor\u00edtgat\u00e1s helyett azt javaslom, hogy cserepes n\u00f6v\u00e9nyk\u00e9nt szerezz\u00fck be a kert\u00e9szeti \u00e1rud\u00e1kb\u00f3l.<\/P>\r\n<CENTER><IMG class=blogkep src=\"https:\/\/kertember.cafeblog.hu\/files\/hunyorrOuzsfeh.jpg\" align=center><\/CENTER>\r\n<P>&nbsp;K\u00fcl\u00f6nf\u00e9le m\u00e9retben, ennek megfelel\u0151en elt\u00e9r\u0151 \u00e1rakon szerezhet\u0151k be, de mivel el\u0151neveltek m\u00e1r a beszerz\u00e9s \u00e9v\u00e9ben vir\u00e1goznak. 350-500,-Ft-os \u00e1ron lelhet\u0151k fel.<\/P>\r\n<DIV align=justify>Cserepes halytat\u00e1sra is alkalmas. 15-20-as cser\u00e9pben kell megfelel\u0151 m\u00e9ret\u0171 t\u0151v\u00e9 nevelni, majd \u0151sszel fagymentes helyen pihentetni. Novembert\u0151l m\u00e9rs\u00e9kelten meleg helys\u00e9gben, rendszeres \u00f6nt\u00f6z\u00e9s mellett vir\u00e1goztatjuk. Sz\u00e9p d\u00edsze lehet a kar\u00e1csonyi asztalnak.<\/DIV>\r\n<DIV align=justify><IMG class=blogkep src=\"https:\/\/kertember.cafeblog.hu\/files\/hunyorsOerga.jpg\" align=left><IMG class=blogkep style=\"WIDTH: 232px; HEIGHT: 189px\" height=212 src=\"https:\/\/kertember.cafeblog.hu\/files\/hunyortelt.jpg\" width=232 align=right><\/DIV>\r\n<P>&nbsp;<\/P>\r\n<P>&nbsp;<\/P>\r\n<P>&nbsp;<\/P>","type":"rich"}